{"id":23,"date":"2025-07-11T16:37:39","date_gmt":"2025-07-11T16:37:39","guid":{"rendered":"https:\/\/www.at-event.fr\/?page_id=23"},"modified":"2025-07-14T13:51:19","modified_gmt":"2025-07-14T13:51:19","slug":"about","status":"publish","type":"page","link":"https:\/\/www.at-event.fr\/?page_id=23","title":{"rendered":"Nos Services"},"content":{"rendered":"\n<h2 class=\"wp-block-heading has-large-font-size\" id=\"inspiro-is-a-digital-product-agency-that-focuses-on-strategy-and-design\" style=\"font-style:normal;font-weight:100\"><strong>Des id\u00e9es \u00e0 l\u2019action, nous orchestrons vos \u00e9v\u00e9nements de A \u00e0 Z.<\/strong><\/h2>\n\n\n\n<blockquote class=\"wp-block-quote has-medium-font-size is-layout-flow wp-block-quote-is-layout-flow\">\n<p class=\"has-tertiary-color has-text-color has-link-color wp-elements-30366a425ff35b91cbdd2a12ca206d1b\">Qu\u2019il s\u2019agisse d\u2019un mariage intimiste, d\u2019un s\u00e9minaire professionnel ou d\u2019une f\u00eate grandiose, chaque prestation est pens\u00e9e sur mesure pour faire de votre \u00e9v\u00e9nement un moment inoubliable.<\/p>\n<\/blockquote>\n\n\n\n<div style=\"height:100px\" aria-hidden=\"true\" class=\"wp-block-spacer\"><\/div>\n\n\n\n<h1 class=\"wp-block-heading\">Organisation d&rsquo;\u00e9v\u00e9nements <\/h1>\n\n\n\n<h2 class=\"wp-block-heading\">Soir\u00e9es priv\u00e9es &amp; Galas<\/h2>\n\n\n\n<div class=\"wp-block-media-text is-stacked-on-mobile\" style=\"grid-template-columns:49% auto\"><figure class=\"wp-block-media-text__media\"><img loading=\"lazy\" decoding=\"async\" width=\"1024\" height=\"890\" src=\"https:\/\/www.at-event.fr\/wp-content\/uploads\/2025\/07\/pexels-george-desipris-965703-1024x890.jpg\" alt=\"\" class=\"wp-image-75 size-full\" srcset=\"https:\/\/www.at-event.fr\/wp-content\/uploads\/2025\/07\/pexels-george-desipris-965703-1024x890.jpg 1024w, https:\/\/www.at-event.fr\/wp-content\/uploads\/2025\/07\/pexels-george-desipris-965703-300x261.jpg 300w, https:\/\/www.at-event.fr\/wp-content\/uploads\/2025\/07\/pexels-george-desipris-965703-2000x1738.jpg 2000w, https:\/\/www.at-event.fr\/wp-content\/uploads\/2025\/07\/pexels-george-desipris-965703-scaled-1536x1334.jpg 1536w, https:\/\/www.at-event.fr\/wp-content\/uploads\/2025\/07\/pexels-george-desipris-965703-scaled-2048x1779.jpg 2048w, https:\/\/www.at-event.fr\/wp-content\/uploads\/2025\/07\/pexels-george-desipris-965703-scaled-600x521.jpg 600w, https:\/\/www.at-event.fr\/wp-content\/uploads\/2025\/07\/pexels-george-desipris-965703-scaled-1200x1043.jpg 1200w\" sizes=\"auto, (max-width: 1024px) 100vw, 1024px\" \/><\/figure><div class=\"wp-block-media-text__content\">\n<p>AT Event organise vos soir\u00e9es priv\u00e9es ou professionnelles avec \u00e9l\u00e9gance, originalit\u00e9 et pr\u00e9cision. Du choix du lieu \u00e0 l\u2019animation, en passant par la sc\u00e9nographie, nous cr\u00e9ons des ambiances sur mesure qui marquent les esprits. Laissez-nous transformer votre \u00e9v\u00e9nement en une exp\u00e9rience m\u00e9morable, \u00e0 votre image.<\/p>\n<\/div><\/div>\n\n\n\n<div style=\"height:51px\" aria-hidden=\"true\" class=\"wp-block-spacer\"><\/div>\n\n\n\n<h2 class=\"wp-block-heading\">S\u00e9minaires  &amp; Conf\u00e9rences<\/h2>\n\n\n\n<div class=\"wp-block-media-text has-media-on-the-right is-stacked-on-mobile\"><div class=\"wp-block-media-text__content\">\n<p>F\u00e9d\u00e9rez vos \u00e9quipes et valorisez votre entreprise \u00e0 travers des s\u00e9minaires parfaitement orchestr\u00e9s. AT Event prend en charge l\u2019organisation logistique, la coordination des prestataires, la cr\u00e9ation de moments forts et d\u2019espaces propices \u00e0 l\u2019\u00e9change. Professionnalisme, cr\u00e9ativit\u00e9 et fluidit\u00e9 sont nos ma\u00eetres mots.<\/p>\n<\/div><figure class=\"wp-block-media-text__media\"><img loading=\"lazy\" decoding=\"async\" width=\"1024\" height=\"683\" src=\"https:\/\/www.at-event.fr\/wp-content\/uploads\/2025\/07\/pexels-jibarofoto-2774556-1024x683.jpg\" alt=\"public conf\u00e9rence\" class=\"wp-image-108 size-full\" srcset=\"https:\/\/www.at-event.fr\/wp-content\/uploads\/2025\/07\/pexels-jibarofoto-2774556-1024x683.jpg 1024w, https:\/\/www.at-event.fr\/wp-content\/uploads\/2025\/07\/pexels-jibarofoto-2774556-300x200.jpg 300w, https:\/\/www.at-event.fr\/wp-content\/uploads\/2025\/07\/pexels-jibarofoto-2774556-2000x1333.jpg 2000w\" sizes=\"auto, (max-width: 1024px) 100vw, 1024px\" \/><\/figure><\/div>\n\n\n\n<div style=\"height:51px\" aria-hidden=\"true\" class=\"wp-block-spacer\"><\/div>\n\n\n\n<h2 class=\"wp-block-heading\">Baby Events &#8211; Baby Showers &amp; Gender Reveals<\/h2>\n\n\n\n<div class=\"wp-block-media-text is-stacked-on-mobile\" style=\"grid-template-columns:49% auto\"><figure class=\"wp-block-media-text__media\"><img loading=\"lazy\" decoding=\"async\" width=\"1024\" height=\"934\" src=\"https:\/\/www.at-event.fr\/wp-content\/uploads\/2025\/07\/pexels-alexander-mass-748453803-32410093-scaled-e1752498680157-1024x934.jpg\" alt=\"gender reveal\" class=\"wp-image-109 size-full\" srcset=\"https:\/\/www.at-event.fr\/wp-content\/uploads\/2025\/07\/pexels-alexander-mass-748453803-32410093-scaled-e1752498680157-1024x934.jpg 1024w, https:\/\/www.at-event.fr\/wp-content\/uploads\/2025\/07\/pexels-alexander-mass-748453803-32410093-scaled-e1752498680157-300x274.jpg 300w, https:\/\/www.at-event.fr\/wp-content\/uploads\/2025\/07\/pexels-alexander-mass-748453803-32410093-scaled-e1752498680157-768x701.jpg 768w, https:\/\/www.at-event.fr\/wp-content\/uploads\/2025\/07\/pexels-alexander-mass-748453803-32410093-scaled-e1752498680157-1536x1401.jpg 1536w, https:\/\/www.at-event.fr\/wp-content\/uploads\/2025\/07\/pexels-alexander-mass-748453803-32410093-scaled-e1752498680157-600x547.jpg 600w, https:\/\/www.at-event.fr\/wp-content\/uploads\/2025\/07\/pexels-alexander-mass-748453803-32410093-scaled-e1752498680157-1200x1095.jpg 1200w, https:\/\/www.at-event.fr\/wp-content\/uploads\/2025\/07\/pexels-alexander-mass-748453803-32410093-scaled-e1752498680157.jpg 1707w\" sizes=\"auto, (max-width: 1024px) 100vw, 1024px\" \/><\/figure><div class=\"wp-block-media-text__content\">\n<p>Parce que chaque r\u00e9v\u00e9lation m\u00e9rite un moment magique, AT Event con\u00e7oit des gender reveals pleins de douceur, de surprises et d\u2019\u00e9motions. Mise en sc\u00e8ne, d\u00e9coration, animations ludiques ou artistiques : tout est pens\u00e9 pour rendre ce moment inoubliable pour vous et vos proches. Force de proposition et d&rsquo;id\u00e9es, nous vous accompagnons pour cr\u00e9er un \u00e9v\u00e9nement qui vous ressemble.<\/p>\n<\/div><\/div>\n\n\n\n<div style=\"height:51px\" aria-hidden=\"true\" class=\"wp-block-spacer\"><\/div>\n\n\n\n<h2 class=\"wp-block-heading\">Anniversaire <\/h2>\n\n\n\n<div class=\"wp-block-media-text has-media-on-the-right is-stacked-on-mobile\" style=\"grid-template-columns:auto 49%\"><div class=\"wp-block-media-text__content\">\n<p>Qu\u2019il s\u2019agisse d\u2019un anniversaire enfant, adulte ou d\u2019une c\u00e9l\u00e9bration symbolique, AT Event imagine des f\u00eates sur mesure, \u00e0 domicile ou dans des lieux insolites. Ambiance th\u00e9matique, animations, d\u00e9coration, buffet\u2026 notre \u00e9quipe prend tout en main pour que vous profitiez pleinement du moment.<\/p>\n<\/div><figure class=\"wp-block-media-text__media\"><img loading=\"lazy\" decoding=\"async\" width=\"1024\" height=\"965\" src=\"https:\/\/www.at-event.fr\/wp-content\/uploads\/2025\/07\/pexels-tubiderler-19481253-scaled-e1752500489165-1024x965.jpg\" alt=\"gateau d'anniversaire\" class=\"wp-image-107 size-full\" srcset=\"https:\/\/www.at-event.fr\/wp-content\/uploads\/2025\/07\/pexels-tubiderler-19481253-scaled-e1752500489165-1024x965.jpg 1024w, https:\/\/www.at-event.fr\/wp-content\/uploads\/2025\/07\/pexels-tubiderler-19481253-scaled-e1752500489165-300x283.jpg 300w, https:\/\/www.at-event.fr\/wp-content\/uploads\/2025\/07\/pexels-tubiderler-19481253-scaled-e1752500489165-768x724.jpg 768w, https:\/\/www.at-event.fr\/wp-content\/uploads\/2025\/07\/pexels-tubiderler-19481253-scaled-e1752500489165-1536x1448.jpg 1536w, https:\/\/www.at-event.fr\/wp-content\/uploads\/2025\/07\/pexels-tubiderler-19481253-scaled-e1752500489165-600x566.jpg 600w, https:\/\/www.at-event.fr\/wp-content\/uploads\/2025\/07\/pexels-tubiderler-19481253-scaled-e1752500489165-1200x1131.jpg 1200w, https:\/\/www.at-event.fr\/wp-content\/uploads\/2025\/07\/pexels-tubiderler-19481253-scaled-e1752500489165.jpg 1715w\" sizes=\"auto, (max-width: 1024px) 100vw, 1024px\" \/><\/figure><\/div>\n\n\n\n<div style=\"height:51px\" aria-hidden=\"true\" class=\"wp-block-spacer\"><\/div>\n\n\n\n<h2 class=\"wp-block-heading\">Mariages <\/h2>\n\n\n\n<div class=\"wp-block-media-text is-stacked-on-mobile\" style=\"grid-template-columns:49% auto\"><figure class=\"wp-block-media-text__media\"><img loading=\"lazy\" decoding=\"async\" width=\"1024\" height=\"684\" src=\"https:\/\/www.at-event.fr\/wp-content\/uploads\/2025\/07\/pexels-trungnguyenphotog-2959192-1024x684.jpg\" alt=\"\" class=\"wp-image-110 size-full\" srcset=\"https:\/\/www.at-event.fr\/wp-content\/uploads\/2025\/07\/pexels-trungnguyenphotog-2959192-1024x684.jpg 1024w, https:\/\/www.at-event.fr\/wp-content\/uploads\/2025\/07\/pexels-trungnguyenphotog-2959192-300x200.jpg 300w, https:\/\/www.at-event.fr\/wp-content\/uploads\/2025\/07\/pexels-trungnguyenphotog-2959192-2000x1335.jpg 2000w, https:\/\/www.at-event.fr\/wp-content\/uploads\/2025\/07\/pexels-trungnguyenphotog-2959192-600x400.jpg 600w, https:\/\/www.at-event.fr\/wp-content\/uploads\/2025\/07\/pexels-trungnguyenphotog-2959192-1200x800.jpg 1200w\" sizes=\"auto, (max-width: 1024px) 100vw, 1024px\" \/><\/figure><div class=\"wp-block-media-text__content\">\n<p>AT Event vous accompagne dans la cr\u00e9ation du plus beau jour de votre vie. Gr\u00e2ce \u00e0 notre \u00e9coute, notre exigence et notre cr\u00e9ativit\u00e9, nous donnons vie \u00e0 un mariage qui vous ressemble, en harmonie avec vos souhaits et vos \u00e9motions. De la coordination au design, chaque d\u00e9tail compte.<\/p>\n<\/div><\/div>\n\n\n\n<div style=\"height:41px\" aria-hidden=\"true\" class=\"wp-block-spacer\"><\/div>\n\n\n\n<hr class=\"wp-block-separator has-alpha-channel-opacity\"\/>\n\n\n\n<div style=\"height:24px\" aria-hidden=\"true\" class=\"wp-block-spacer\"><\/div>\n\n\n\n<h1 class=\"wp-block-heading\">Location de mat\u00e9riel <\/h1>\n\n\n\n<div class=\"wp-block-media-text is-stacked-on-mobile\"><figure class=\"wp-block-media-text__media\"><img loading=\"lazy\" decoding=\"async\" width=\"1024\" height=\"576\" src=\"https:\/\/www.at-event.fr\/wp-content\/uploads\/2025\/07\/Photo19112022145751jpg_646c80b909326-1024x576.jpg\" alt=\"\" class=\"wp-image-111 size-full\" srcset=\"https:\/\/www.at-event.fr\/wp-content\/uploads\/2025\/07\/Photo19112022145751jpg_646c80b909326-1024x576.jpg 1024w, https:\/\/www.at-event.fr\/wp-content\/uploads\/2025\/07\/Photo19112022145751jpg_646c80b909326-300x169.jpg 300w, https:\/\/www.at-event.fr\/wp-content\/uploads\/2025\/07\/Photo19112022145751jpg_646c80b909326.jpg 1600w\" sizes=\"auto, (max-width: 1024px) 100vw, 1024px\" \/><\/figure><div class=\"wp-block-media-text__content\">\n<p>Le service de location de mat\u00e9riel aux particuliers n&rsquo;est pas encore ouvert, toute fois les demandes sont \u00e9tudi\u00e9es au cas par cas. Merci de nous contacter pour plus de d\u00e9tails. <\/p>\n\n\n\n<div class=\"wp-block-buttons is-content-justification-center is-layout-flex wp-container-core-buttons-is-layout-a89b3969 wp-block-buttons-is-layout-flex\">\n<div class=\"wp-block-button has-custom-width wp-block-button__width-50 is-style-outline is-style-outline--1\"><a class=\"wp-block-button__link has-primary-color has-text-color has-link-color has-x-small-font-size has-custom-font-size wp-element-button\">Nous contacter<\/a><\/div>\n<\/div>\n<\/div><\/div>\n\n\n\n<div style=\"height:27px\" aria-hidden=\"true\" class=\"wp-block-spacer\"><\/div>\n\n\n\n<hr class=\"wp-block-separator has-alpha-channel-opacity\"\/>\n\n\n\n<div style=\"height:27px\" aria-hidden=\"true\" class=\"wp-block-spacer\"><\/div>\n\n\n\n<div class=\"wp-block-columns alignwide is-layout-flex wp-container-core-columns-is-layout-28f84493 wp-block-columns-is-layout-flex\">\n<div class=\"wp-block-column is-layout-flow wp-block-column-is-layout-flow\">\n<figure class=\"wp-block-image size-large\"><img decoding=\"async\" src=\"https:\/\/www.at-event.fr\/wp-content\/themes\/inspiro\/assets\/images\/video-1.jpeg\" alt=\"\"\/><\/figure>\n\n\n\n<h3 class=\"wp-block-heading\">Notre \u00e9quipe<\/h3>\n\n\n\n<p class=\"has-text-color\" style=\"color:#7a7a7a\">Lors de vos \u00e9v\u00e9nements de grande envergure, notre \u00e9quipe de techniciens exp\u00e9riment\u00e9s se charge de l&rsquo;instalation des \u00e9quipements son et lumi\u00e8re, ainsi que du mobili\u00e9 et de la d\u00e9coration <\/p>\n<\/div>\n\n\n\n<div class=\"wp-block-column is-layout-flow wp-block-column-is-layout-flow\">\n<figure class=\"wp-block-image size-large\"><img decoding=\"async\" src=\"https:\/\/www.at-event.fr\/wp-content\/themes\/inspiro\/assets\/images\/video-2.jpeg\" alt=\"\"\/><\/figure>\n\n\n\n<h3 class=\"wp-block-heading\">Notre Philosophie<\/h3>\n\n\n\n<p class=\"has-text-color\" style=\"color:#7a7a7a\">\u00c0 travers toutes nos prestations nous mettons un point d\u2019honneur \u00e0 respecter nos valeurs fondamentales : <strong>r\u00e9activit\u00e9<\/strong>, <strong>efficacit\u00e9<\/strong> et <strong>engagement<\/strong>. <\/p>\n<\/div>\n\n\n\n<div class=\"wp-block-column is-layout-flow wp-block-column-is-layout-flow\">\n<figure class=\"wp-block-image size-large\"><img decoding=\"async\" src=\"https:\/\/www.at-event.fr\/wp-content\/themes\/inspiro\/assets\/images\/video-3.jpeg\" alt=\"\"\/><\/figure>\n\n\n\n<h3 class=\"wp-block-heading\">Services<\/h3>\n\n\n\n<p class=\"has-text-color\" style=\"color:#7a7a7a\">Chaque projet est pris en main avec s\u00e9rieux, passion et un sens aigu du d\u00e9tail, pour garantir une exp\u00e9rience fluide, humaine et sur mesure, du premier contact jusqu\u2019au jour J.<\/p>\n<\/div>\n<\/div>\n\n\n\n<div style=\"height:100px\" aria-hidden=\"true\" class=\"wp-block-spacer\"><\/div>\n\n\n\n<p><\/p>\n","protected":false},"excerpt":{"rendered":"<p>Des id\u00e9es \u00e0 l\u2019action, nous orchestrons vos \u00e9v\u00e9nements de A \u00e0 Z. Qu\u2019il s\u2019agisse d\u2019un mariage intimiste, d\u2019un s\u00e9minaire professionnel ou d\u2019une f\u00eate grandiose, chaque prestation est pens\u00e9e sur mesure pour faire de votre \u00e9v\u00e9nement un moment inoubliable. Organisation d&rsquo;\u00e9v\u00e9nements Soir\u00e9es priv\u00e9es &amp; Galas AT Event organise vos soir\u00e9es priv\u00e9es ou professionnelles avec \u00e9l\u00e9gance, originalit\u00e9 &hellip; <\/p>\n<p class=\"link-more\"><a href=\"https:\/\/www.at-event.fr\/?page_id=23\" class=\"more-link\">Lire la suite de<span class=\"screen-reader-text\">\u00ab\u00a0Nos Services\u00a0\u00bb<\/span><\/a><\/p>\n","protected":false},"author":1,"featured_media":75,"parent":0,"menu_order":0,"comment_status":"closed","ping_status":"closed","template":"","meta":{"pagelayer_contact_templates":[],"_pagelayer_content":"","footnotes":""},"class_list":["post-23","page","type-page","status-publish","has-post-thumbnail","hentry"],"featured_media_urls":{"thumbnail":["https:\/\/www.at-event.fr\/wp-content\/uploads\/2025\/07\/pexels-george-desipris-965703-150x150.jpg",150,150,true],"medium":["https:\/\/www.at-event.fr\/wp-content\/uploads\/2025\/07\/pexels-george-desipris-965703-300x261.jpg",300,261,true],"medium_large":["https:\/\/www.at-event.fr\/wp-content\/uploads\/2025\/07\/pexels-george-desipris-965703-scaled.jpg",768,667,false],"large":["https:\/\/www.at-event.fr\/wp-content\/uploads\/2025\/07\/pexels-george-desipris-965703-1024x890.jpg",950,826,true],"1536x1536":["https:\/\/www.at-event.fr\/wp-content\/uploads\/2025\/07\/pexels-george-desipris-965703-scaled-1536x1334.jpg",1536,1334,true],"2048x2048":["https:\/\/www.at-event.fr\/wp-content\/uploads\/2025\/07\/pexels-george-desipris-965703-scaled-2048x1779.jpg",2048,1779,true],"inspiro-featured-image":["https:\/\/www.at-event.fr\/wp-content\/uploads\/2025\/07\/pexels-george-desipris-965703-2000x1738.jpg",2000,1738,true],"inspiro-loop":["https:\/\/www.at-event.fr\/wp-content\/uploads\/2025\/07\/pexels-george-desipris-965703-950x320.jpg",950,320,true],"inspiro-loop@2x":["https:\/\/www.at-event.fr\/wp-content\/uploads\/2025\/07\/pexels-george-desipris-965703-1900x640.jpg",1900,640,true],"portfolio_item-thumbnail":["https:\/\/www.at-event.fr\/wp-content\/uploads\/2025\/07\/pexels-george-desipris-965703-scaled-600x400.jpg",600,400,true],"portfolio_item-thumbnail@2x":["https:\/\/www.at-event.fr\/wp-content\/uploads\/2025\/07\/pexels-george-desipris-965703-scaled-1200x800.jpg",1200,800,true],"portfolio_item-masonry":["https:\/\/www.at-event.fr\/wp-content\/uploads\/2025\/07\/pexels-george-desipris-965703-scaled-600x521.jpg",600,521,true],"portfolio_item-masonry@2x":["https:\/\/www.at-event.fr\/wp-content\/uploads\/2025\/07\/pexels-george-desipris-965703-scaled-1200x1043.jpg",1200,1043,true],"portfolio_item-thumbnail_cinema":["https:\/\/www.at-event.fr\/wp-content\/uploads\/2025\/07\/pexels-george-desipris-965703-scaled-800x335.jpg",800,335,true],"portfolio_item-thumbnail_portrait":["https:\/\/www.at-event.fr\/wp-content\/uploads\/2025\/07\/pexels-george-desipris-965703-scaled-600x900.jpg",600,900,true],"portfolio_item-thumbnail_portrait@2x":["https:\/\/www.at-event.fr\/wp-content\/uploads\/2025\/07\/pexels-george-desipris-965703-scaled-1200x1800.jpg",1200,1800,true],"portfolio_item-thumbnail_square":["https:\/\/www.at-event.fr\/wp-content\/uploads\/2025\/07\/pexels-george-desipris-965703-scaled-800x800.jpg",800,800,true]},"_links":{"self":[{"href":"https:\/\/www.at-event.fr\/index.php?rest_route=\/wp\/v2\/pages\/23","targetHints":{"allow":["GET"]}}],"collection":[{"href":"https:\/\/www.at-event.fr\/index.php?rest_route=\/wp\/v2\/pages"}],"about":[{"href":"https:\/\/www.at-event.fr\/index.php?rest_route=\/wp\/v2\/types\/page"}],"author":[{"embeddable":true,"href":"https:\/\/www.at-event.fr\/index.php?rest_route=\/wp\/v2\/users\/1"}],"replies":[{"embeddable":true,"href":"https:\/\/www.at-event.fr\/index.php?rest_route=%2Fwp%2Fv2%2Fcomments&post=23"}],"version-history":[{"count":8,"href":"https:\/\/www.at-event.fr\/index.php?rest_route=\/wp\/v2\/pages\/23\/revisions"}],"predecessor-version":[{"id":123,"href":"https:\/\/www.at-event.fr\/index.php?rest_route=\/wp\/v2\/pages\/23\/revisions\/123"}],"wp:featuredmedia":[{"embeddable":true,"href":"https:\/\/www.at-event.fr\/index.php?rest_route=\/wp\/v2\/media\/75"}],"wp:attachment":[{"href":"https:\/\/www.at-event.fr\/index.php?rest_route=%2Fwp%2Fv2%2Fmedia&parent=23"}],"curies":[{"name":"wp","href":"https:\/\/api.w.org\/{rel}","templated":true}]}}